{"id":217639,"date":"2019-08-21T16:25:18","date_gmt":"2019-08-21T14:25:18","guid":{"rendered":"https:\/\/www.inisalga.com\/?page_id=217639"},"modified":"2019-08-21T16:26:48","modified_gmt":"2019-08-21T14:26:48","slug":"gestion-de-las-emociones-dentro-de-la-empresa","status":"publish","type":"page","link":"https:\/\/www.inisalga.com\/en\/gestion-de-las-emociones-dentro-de-la-empresa\/","title":{"rendered":"Article_5_Gesti\u00f3n de las emociones dentro de la empresa"},"content":{"rendered":"<p>[et_pb_section fb_built=&#8221;1&#8243; _builder_version=&#8221;3.16&#8243; background_color=&#8221;#000000&#8243; custom_margin=&#8221;-10px||-10px|&#8221; custom_padding=&#8221;0|0px|0|0px|false|false&#8221; global_module=&#8221;217304&#8243;][et_pb_row make_fullwidth=&#8221;on&#8221; custom_padding=&#8221;12px|0px|8px|0px|false|false&#8221; _builder_version=&#8221;3.16&#8243; background_size=&#8221;initial&#8221; background_position=&#8221;top_left&#8221; background_repeat=&#8221;repeat&#8221;][et_pb_column type=&#8221;4_4&#8243; _builder_version=&#8221;3.0.47&#8243; parallax=&#8221;off&#8221; parallax_method=&#8221;on&#8221;][et_pb_text _builder_version=&#8221;3.16&#8243; text_font=&#8221;Montserrat|300||on|||||&#8221; text_text_color=&#8221;#ff6600&#8243; text_font_size=&#8221;12px&#8221; text_font_size_tablet=&#8221;8px&#8221; text_font_size_phone=&#8221;6px&#8221; text_font_size_last_edited=&#8221;on|phone&#8221; text_letter_spacing=&#8221;1px&#8221; text_line_height=&#8221;4.9em&#8221; text_orientation=&#8221;right&#8221; link_option_url=&#8221; &#8220;]<\/p>\n<p style=\"text-align: right;\"><span style=\"color: #ffffff;\"><span style=\"margin-right: 1%;\"><a style=\"color: #ffffff;\" href=\"https:\/\/www.inisalga.com\/en\/\">HOME<\/a><\/span> <span style=\"margin-right: 1%;\"><a style=\"color: #ffffff;\" href=\"accueil\/#vous\">WHO WE SERVE\u00a0<\/a><\/span> <span style=\"margin-right: 1%;\"><a style=\"color: #ffffff;\" href=\"accueil\/#nous\">WHO WE ARE<\/a><\/span> <span style=\"margin-right: 1%;\"><a style=\"color: #ffffff;\" href=\"accueil\/#offre\">WHAT WE OFFER<\/a><\/span> <span style=\"margin-right: 1%;\"><a style=\"color: #ffffff;\" href=\"accueil\/#temoignages\">TESTIMONIALS<\/a><\/span><span style=\"margin-right: 1%;\"><a style=\"color: #ffffff;\" href=\"accueil\/#deontologie\">STANDARDS<\/a><\/span> <span style=\"margin-right: 1%;\"><a style=\"color: #ffffff;\" href=\"accueil\/#contribution\">PUBLICATIONS<\/a><\/span>\u00a0<span style=\"margin-right: 1%;\"><a style=\"color: #ffffff;\" href=\"accueil\/#contact\">CONTACT<\/a><\/span><\/span><\/p>\n<p>[\/et_pb_text][\/et_pb_column][\/et_pb_row][\/et_pb_section][et_pb_section fb_built=&#8221;1&#8243; _builder_version=&#8221;3.0.47&#8243; custom_padding=&#8221;100px|0px|54px|0px|false|false&#8221;][et_pb_row _builder_version=&#8221;3.0.48&#8243; background_size=&#8221;initial&#8221; background_position=&#8221;top_left&#8221; background_repeat=&#8221;repeat&#8221;][et_pb_column type=&#8221;2_3&#8243; _builder_version=&#8221;3.0.47&#8243; parallax=&#8221;off&#8221; parallax_method=&#8221;on&#8221;][et_pb_text admin_label=&#8221;TITRE&#8221; _builder_version=&#8221;3.16&#8243; text_font=&#8221;Montserrat|700||on|||||&#8221; text_text_color=&#8221;#ff6600&#8243; text_font_size=&#8221;20px&#8221; text_letter_spacing=&#8221;1px&#8221;]<\/p>\n<p>Gesti\u00f3n de las emociones dentro de la empresa<\/p>\n<p>[\/et_pb_text][et_pb_text admin_label=&#8221;INTRODUCTION&#8221; _builder_version=&#8221;3.16&#8243; text_font=&#8221;||on||||||&#8221; text_font_size=&#8221;16px&#8221; custom_margin=&#8221;0px||&#8221;]<\/p>\n<p><strong>Las emociones est\u00e1n cada vez m\u00e1s presentes en el \u00e1mbito profesional y, aunque a muchos les incomoden, debemos aceptarlas y aprender a sacar lo mejor de ellas \u00bfEstamos preparados?.<\/strong><\/p>\n<p>[\/et_pb_text][et_pb_text admin_label=&#8221;Paragraphe&#8221; _builder_version=&#8221;3.16&#8243;]<\/p>\n<p>Manifestar emociones en el trabajo muchas veces conlleva una verdadera angustia. Las reacciones emocionales inesperadas son percibidas como inapropiadas. A fin de cuentas, \u201cen el trabajo estamos para cumplir y no para dar rienda suelta a nuestras penas\u201d.<\/p>\n<p>Esto es lo que piensan muchos directivos, inc\u00f3modos tanto con las emociones de los dem\u00e1s como con las suyas propias, pregunt\u00e1ndose \u201cqu\u00e9 hacer\u201d en vez de \u201cc\u00f3mo estar\u201d, que es donde se encuentra la respuesta para gestionar esas situaciones.<\/p>\n<p>\u00a1Experimentar emociones en la empresa es sano, porque es humano! Charles Darwin (1809-1882), brit\u00e1nico, pionero de la teor\u00eda moderna de la evoluci\u00f3n, defin\u00eda, en 1872, seis emociones b\u00e1sicas que son la tristeza, el miedo, la c\u00f3lera, la aversi\u00f3n, la sorpresa y la alegr\u00eda. Las emociones han ayudado a la supervivencia de nuestra especie. As\u00ed, mi tristeza engendra en ti compasi\u00f3n (s\u00ed, s\u00ed, \u00a1a veces incluso en la empresa!), mi miedo inhibe mis acciones, mi c\u00f3lera te impresiona y evita el combate f\u00edsico, mi alegr\u00eda, comunicativa, me incita a reaccionar.<\/p>\n<p>Experimentar esas emociones es normal, incluso en un contexto de trabajo, pero tambi\u00e9n debemos aprender a gestionarlas y evitar que ocupen demasiado espacio. As\u00ed, Daniel Goleman, psic\u00f3logo americano contempor\u00e1neo y creador de la \u201cinteligencia emocional\u201d define esta habilidad como \u201cla capacidad de reconocer las propias emociones, as\u00ed como las de otros, y de saber gestionarlas en las relaciones con los dem\u00e1s\u201d.<\/p>\n<p>Pero la gesti\u00f3n de las emociones, como el liderazgo, el violoncello o el dise\u00f1o, es un arte que, si no se tiene innato, tambi\u00e9n se puede aprender. Por ejemplo, los participantes del EMBA de HEC Paris tienen sesiones espec\u00edficas sobre la materia. Porque en el trabajo conseguimos resultados, pero tambi\u00e9n gestionamos emociones. Y es una habilidad indispensable del l\u00edder de hoy en d\u00eda. Porque hay que aprovechar las turbulencias emocionales para desarrollarse y crecer.<\/p>\n<p>Pero \u00bfc\u00f3mo gestionar las emociones en \u00e1mbito empresarial?<\/p>\n<p>Para gestionar nuestras emociones, lo primero que tenemos que saber es que contrariamente a lo que se piensa, las emociones no se controlan; es la manera de expresarlas lo que se puede controlar. As\u00ed, cuando sentimos que nos invade la c\u00f3lera porque un compa\u00f1ero ha sacado un tema inconveniente en una reuni\u00f3n, nos interesa dejar pasar tres o cuatro d\u00edas para poder expresar esa sensaci\u00f3n de forma calmada, en el momento adecuado y con las palabras apropiadas.<\/p>\n<p>Antes de \u201chacer\u201d algo, se trata m\u00e1s bien de \u201cestar\u201d en contacto con las propias emociones: tomar un momento breve para respirar profundamente, admitirlas y aceptarlas. Lo cual no quiere decir que digamos \u201cesto est\u00e1 bien\u201d, sino \u201cesto est\u00e1 aqu\u00ed\u201d. Debemos preguntarnos si es un buen momento o no para expresarlas con la debida distancia emocional y sin caer en el desahogo o la represi\u00f3n. Y debemos averiguar por qu\u00e9 mi compa\u00f1ero me causa tanta furia. Tal vez sea porque reconocemos en \u00e9l nuestro propio defecto. \u00bfY si ese compa\u00f1ero me estuviera dando la oportunidad de trabajar esa parte de m\u00ed? A lo mejor, gracias a esto aprendemos y un d\u00eda agradecemos al destino haberlo puesto en nuestro camino.<\/p>\n<p>La empresa se abre cada vez m\u00e1s a la expresi\u00f3n pausada de las emociones y debemos prepararnos. Porque gestionar las emociones, muchas veces, es el trabajo de toda una vida.<\/p>\n<p>&nbsp;<\/p>\n<p>[\/et_pb_text][\/et_pb_column][et_pb_column type=&#8221;1_3&#8243; _builder_version=&#8221;3.0.47&#8243; parallax=&#8221;off&#8221; parallax_method=&#8221;on&#8221;][et_pb_image src=&#8221;https:\/\/www.inisalga.com\/wp-content\/uploads\/2018\/10\/Beretta.png&#8221; _builder_version=&#8221;3.16&#8243; max_width=&#8221;65%&#8221; module_alignment=&#8221;left&#8221;]&nbsp;<br \/>\n[\/et_pb_image][et_pb_text _builder_version=&#8221;3.16&#8243; text_font=&#8221;||on||||||&#8221; text_text_color=&#8221;#ff6600&#8243; text_font_size=&#8221;10px&#8221; text_letter_spacing=&#8221;1px&#8221; text_orientation=&#8221;right&#8221; custom_margin=&#8221;|0px|6px|15px&#8221;]<\/p>\n<p style=\"text-align: left;\">Written by<\/p>\n<p>[\/et_pb_text][et_pb_text _builder_version=&#8221;3.16&#8243; text_text_color=&#8221;#000000&#8243; text_font_size=&#8221;10px&#8221; text_line_height=&#8221;1em&#8221; header_2_font=&#8221;|600||on|||||&#8221; header_2_font_size=&#8221;16px&#8221; header_2_letter_spacing=&#8221;2px&#8221; custom_margin=&#8221;|||15px&#8221;]<\/p>\n<h2 style=\"text-align: left;\">Marc Beretta<\/h2>\n<p style=\"text-align: left;\">Academic\u00a0Director at HEC Paris<\/p>\n<p>[\/et_pb_text][et_pb_text disabled_on=&#8221;on|on|on&#8221; admin_label=&#8221;Mini Bio MB&#8221; _builder_version=&#8221;3.16&#8243; text_font_size=&#8221;10px&#8221; custom_margin=&#8221;|||15px&#8221; saved_tabs=&#8221;all&#8221;]<\/p>\n<p style=\"text-align: left;\">Directeur acad\u00e9mique \u00e0 HEC Paris, il y intervient sur les th\u00e8mes du Management, du Leadership et du D\u00e9veloppement Personnel aupr\u00e8s des programmes Executives depuis 2009. Executive Coach \u00e0 l\u2019international depuis pr\u00e8s de 15 ans, il accompagne depuis 2012 les participants de TRIUM, le Global Executive MBA de HEC Paris, New York University (NYU) et London School of Economics (LSE), dans leur \u00e9volution\u00a0professionnelle et personnelle ; il y est membre du corps professoral (Faculty).<\/p>\n<p style=\"text-align: left;\">Dipl\u00f4m\u00e9 de l\u2019ESCP, il est certifi\u00e9 \u00ab\u00a0Master Coach\u00a0\u00bb (MCC) par la F\u00e9d\u00e9ration Internationale de Coaching (ICF), \u00ab\u00a0Coach Professionnel\u00a0\u00bb par le RNCP, praticien MBTI<sup>\u00ae<\/sup>\u00a0et Experience Change<sup>\u00ae<\/sup>. Il\u00a0 a \u00e9t\u00e9 form\u00e9 \u00e0 la psychologie (Analyse Transactionnelle).<\/p>\n<p style=\"text-align: left;\"><strong>Il croit que de petits changements peuvent faire une grande diff\u00e9rence.<\/strong><\/p>\n<p>[\/et_pb_text][et_pb_text disabled_on=&#8221;on|on|on&#8221; _builder_version=&#8221;3.16&#8243; text_font=&#8221;||||||||&#8221; text_text_color=&#8221;#ff6600&#8243; custom_margin=&#8221;|||15px&#8221;]<em>Article apparu sur le site <\/em><br \/>\n<em>Les Echos Solutions, <\/em><br \/>\n<em>le 31 mai 2018, mis \u00e0 jour le 5 juin 2018<\/em><br \/>\n[\/et_pb_text][\/et_pb_column][\/et_pb_row][et_pb_row custom_padding=&#8221;92px|0px|27px|0px|false|false&#8221; _builder_version=&#8221;3.16&#8243;][et_pb_column type=&#8221;1_2&#8243; _builder_version=&#8221;3.0.47&#8243; parallax=&#8221;off&#8221; parallax_method=&#8221;on&#8221;][et_pb_text _builder_version=&#8221;3.16&#8243; text_font=&#8221;Montserrat||on|on|||||&#8221; text_text_color=&#8221;#000000&#8243; text_letter_spacing=&#8221;1px&#8221; border_width_bottom=&#8221;1px&#8221; border_color_bottom=&#8221;#ff6600&#8243; saved_tabs=&#8221;all&#8221;]<\/p>\n<p style=\"text-align: left;\"><span style=\"color: #000000;\"><a style=\"color: #000000;\" href=\"https:\/\/www.inisalga.com\/en\/#contribution\">Back to home page<\/a><\/span><\/p>\n<p>[\/et_pb_text][\/et_pb_column][et_pb_column type=&#8221;1_2&#8243; _builder_version=&#8221;3.0.47&#8243; parallax=&#8221;off&#8221; parallax_method=&#8221;on&#8221;][et_pb_text disabled_on=&#8221;off|off|off&#8221; _builder_version=&#8221;3.16&#8243; text_font=&#8221;Montserrat||on|on|||||&#8221; text_text_color=&#8221;#000000&#8243; text_letter_spacing=&#8221;1px&#8221; border_width_bottom=&#8221;1px&#8221; border_color_bottom=&#8221;#ff6600&#8243;]<\/p>\n<p style=\"text-align: right;\">all articles<\/p>\n<p>[\/et_pb_text][\/et_pb_column][\/et_pb_row][\/et_pb_section][et_pb_section fb_built=&#8221;1&#8243; module_id=&#8221;contact&#8221; _builder_version=&#8221;3.16&#8243; background_color=&#8221;#000000&#8243; custom_padding=&#8221;54px|0px|60px|0px|false|false&#8221; global_module=&#8221;217045&#8243;][et_pb_row custom_padding=&#8221;99px|0px|27px|0px|false|false&#8221; _builder_version=&#8221;3.7&#8243; background_size=&#8221;initial&#8221; background_position=&#8221;top_left&#8221; background_repeat=&#8221;repeat&#8221;][et_pb_column type=&#8221;4_4&#8243; _builder_version=&#8221;3.0.47&#8243; parallax=&#8221;off&#8221; parallax_method=&#8221;on&#8221;][et_pb_text _builder_version=&#8221;3.16&#8243; text_font=&#8221;|600||on|||||&#8221; text_text_color=&#8221;#ff6600&#8243; text_font_size=&#8221;24px&#8221; text_letter_spacing=&#8221;4px&#8221;]<\/p>\n<p style=\"text-align: center;\">contact<\/p>\n<p>[\/et_pb_text][et_pb_text _builder_version=&#8221;3.16&#8243; text_font=&#8221;||||||||&#8221; text_text_color=&#8221;#f5f5f5&#8243; text_font_size=&#8221;18px&#8221; text_font_size_tablet=&#8221;16px&#8221; text_font_size_last_edited=&#8221;on|tablet&#8221; custom_margin=&#8221;60px||40px||false&#8221;]<\/p>\n<p style=\"text-align: center;\">Inis alga means \u201cnoble island\u201d in Celtic:<\/p>\n<p style=\"text-align: center;\">It represents the best version of oneself, a destination yet undiscovered.<\/p>\n<p style=\"text-align: center;\">Let us guide you to your Inis Alga!<\/p>\n<p>[\/et_pb_text][\/et_pb_column][\/et_pb_row][et_pb_row custom_padding=&#8221;27px|0px|62px|0px|false|false&#8221; _builder_version=&#8221;3.16&#8243; link_option_url=&#8221;mailto:contact@inisalga.com&#8221; link_option_url_new_window=&#8221;on&#8221;][et_pb_column type=&#8221;4_4&#8243; _builder_version=&#8221;3.0.47&#8243; parallax=&#8221;off&#8221; parallax_method=&#8221;on&#8221;][et_pb_text _builder_version=&#8221;3.7&#8243; text_font=&#8221;|||on|||||&#8221; text_text_color=&#8221;#f66c28&#8243; text_font_size=&#8221;15px&#8221; text_letter_spacing=&#8221;4px&#8221; text_line_height=&#8221;1.1em&#8221; custom_margin=&#8221;-18px||60px|&#8221;]<\/p>\n<p style=\"text-align: center;\">contact@inisalga.com<\/p>\n<p>[\/et_pb_text][et_pb_text _builder_version=&#8221;3.16&#8243; text_font=&#8221;||||||||&#8221; text_text_color=&#8221;#9c9d9f&#8221; text_font_size=&#8221;12px&#8221;]<\/p>\n<p style=\"text-align: center;\">Barcelona &#8211; Bruxelles\u00a0 &#8211; Dubai &#8211; London &#8211; Paris &#8211; Stockholm<\/p>\n<p>[\/et_pb_text][\/et_pb_column][\/et_pb_row][et_pb_row use_custom_gutter=&#8221;on&#8221; _builder_version=&#8221;3.7&#8243;][et_pb_column type=&#8221;1_2&#8243; _builder_version=&#8221;3.0.47&#8243; parallax=&#8221;off&#8221; parallax_method=&#8221;on&#8221;][et_pb_text _builder_version=&#8221;3.16&#8243; text_font=&#8221;|||on|||||&#8221; text_text_color=&#8221;#f5f5f5&#8243; text_font_size=&#8221;12px&#8221; text_letter_spacing=&#8221;3px&#8221; text_line_height=&#8221;2em&#8221; header_text_color=&#8221;#f5f5f5&#8243; border_width_bottom=&#8221;1px&#8221; border_color_bottom=&#8221;#f66c28&#8243; background_layout=&#8221;dark&#8221;]<\/p>\n<p style=\"text-align: left;\"><span style=\"color: #ffffff;\"><a style=\"color: #ffffff;\" href=\"https:\/\/www.inisalga.com\/en\/confidentiality\/\" target=\"_blank\" rel=\"noopener noreferrer\"><em>confidentiality<\/em><\/a><\/span><\/p>\n<p>[\/et_pb_text][\/et_pb_column][et_pb_column type=&#8221;1_2&#8243; _builder_version=&#8221;3.0.47&#8243; parallax=&#8221;off&#8221; parallax_method=&#8221;on&#8221;][et_pb_text _builder_version=&#8221;3.16&#8243; text_font=&#8221;|||on|||||&#8221; text_text_color=&#8221;#f5f5f5&#8243; text_font_size=&#8221;12px&#8221; text_letter_spacing=&#8221;3px&#8221; text_line_height=&#8221;2em&#8221; header_text_color=&#8221;#f5f5f5&#8243; border_width_bottom=&#8221;1px&#8221; border_color_bottom=&#8221;#f66c28&#8243; background_layout=&#8221;dark&#8221;]<\/p>\n<p style=\"text-align: right;\"><span style=\"color: #ffffff;\"><a style=\"color: #ffffff;\" href=\"https:\/\/www.inisalga.com\/en\/legal\/\" target=\"_blank\" rel=\"noopener noreferrer\"><em>Legal<\/em><\/a><\/span><\/p>\n<p>[\/et_pb_text][\/et_pb_column][\/et_pb_row][\/et_pb_section]<\/p>\n","protected":false},"excerpt":{"rendered":"<p>HOME WHO WE SERVE\u00a0 WHO WE ARE WHAT WE OFFER TESTIMONIALSSTANDARDS PUBLICATIONS\u00a0CONTACTGesti\u00f3n de las emociones dentro de la empresa Las emociones est\u00e1n cada vez m\u00e1s presentes en el \u00e1mbito profesional y, aunque a muchos les incomoden, debemos aceptarlas y aprender a sacar lo mejor de ellas \u00bfEstamos preparados?. Manifestar emociones en el trabajo muchas veces [&hellip;]<\/p>\n","protected":false},"author":3,"featured_media":0,"parent":0,"menu_order":0,"comment_status":"closed","ping_status":"closed","template":"page-template-blank.php","meta":{"_et_pb_use_builder":"on","_et_pb_old_content":"","_et_gb_content_width":"","footnotes":""},"class_list":["post-217639","page","type-page","status-publish","hentry"],"yoast_head":"<!-- This site is optimized with the Yoast SEO plugin v27.0 - https:\/\/yoast.com\/product\/yoast-seo-wordpress\/ -->\n<title>Article_5_Gesti\u00f3n de las emociones dentro de la empresa - inisalga.com<\/title>\n<meta name=\"robots\" content=\"index, follow, max-snippet:-1, max-image-preview:large, max-video-preview:-1\" \/>\n<link rel=\"canonical\" href=\"https:\/\/www.inisalga.com\/en\/gestion-de-las-emociones-dentro-de-la-empresa\/\" \/>\n<meta property=\"og:locale\" content=\"en_US\" \/>\n<meta property=\"og:type\" content=\"article\" \/>\n<meta property=\"og:title\" content=\"Article_5_Gesti\u00f3n de las emociones dentro de la empresa - inisalga.com\" \/>\n<meta property=\"og:description\" content=\"HOME WHO WE SERVE\u00a0 WHO WE ARE WHAT WE OFFER TESTIMONIALSSTANDARDS PUBLICATIONS\u00a0CONTACTGesti\u00f3n de las emociones dentro de la empresa Las emociones est\u00e1n cada vez m\u00e1s presentes en el \u00e1mbito profesional y, aunque a muchos les incomoden, debemos aceptarlas y aprender a sacar lo mejor de ellas \u00bfEstamos preparados?. Manifestar emociones en el trabajo muchas veces [&hellip;]\" \/>\n<meta property=\"og:url\" content=\"https:\/\/www.inisalga.com\/en\/gestion-de-las-emociones-dentro-de-la-empresa\/\" \/>\n<meta property=\"og:site_name\" content=\"inisalga.com\" \/>\n<meta property=\"article:modified_time\" content=\"2019-08-21T14:26:48+00:00\" \/>\n<meta name=\"twitter:card\" content=\"summary_large_image\" \/>\n<meta name=\"twitter:label1\" content=\"Est. reading time\" \/>\n\t<meta name=\"twitter:data1\" content=\"8 minutes\" \/>\n<script type=\"application\/ld+json\" class=\"yoast-schema-graph\">{\"@context\":\"https:\/\/schema.org\",\"@graph\":[{\"@type\":\"WebPage\",\"@id\":\"https:\/\/www.inisalga.com\/en\/gestion-de-las-emociones-dentro-de-la-empresa\/\",\"url\":\"https:\/\/www.inisalga.com\/en\/gestion-de-las-emociones-dentro-de-la-empresa\/\",\"name\":\"Article_5_Gesti\u00f3n de las emociones dentro de la empresa - inisalga.com\",\"isPartOf\":{\"@id\":\"https:\/\/www.inisalga.com\/#website\"},\"datePublished\":\"2019-08-21T14:25:18+00:00\",\"dateModified\":\"2019-08-21T14:26:48+00:00\",\"breadcrumb\":{\"@id\":\"https:\/\/www.inisalga.com\/en\/gestion-de-las-emociones-dentro-de-la-empresa\/#breadcrumb\"},\"inLanguage\":\"en-US\",\"potentialAction\":[{\"@type\":\"ReadAction\",\"target\":[\"https:\/\/www.inisalga.com\/en\/gestion-de-las-emociones-dentro-de-la-empresa\/\"]}]},{\"@type\":\"BreadcrumbList\",\"@id\":\"https:\/\/www.inisalga.com\/en\/gestion-de-las-emociones-dentro-de-la-empresa\/#breadcrumb\",\"itemListElement\":[{\"@type\":\"ListItem\",\"position\":1,\"name\":\"Accueil\",\"item\":\"https:\/\/www.inisalga.com\/en\/\"},{\"@type\":\"ListItem\",\"position\":2,\"name\":\"Article_5_Gesti\u00f3n de las emociones dentro de la empresa\"}]},{\"@type\":\"WebSite\",\"@id\":\"https:\/\/www.inisalga.com\/#website\",\"url\":\"https:\/\/www.inisalga.com\/\",\"name\":\"inisalga.com\",\"description\":\"Enlightening your talents, co-creating your future\",\"potentialAction\":[{\"@type\":\"SearchAction\",\"target\":{\"@type\":\"EntryPoint\",\"urlTemplate\":\"https:\/\/www.inisalga.com\/?s={search_term_string}\"},\"query-input\":{\"@type\":\"PropertyValueSpecification\",\"valueRequired\":true,\"valueName\":\"search_term_string\"}}],\"inLanguage\":\"en-US\"}]}<\/script>\n<!-- \/ Yoast SEO plugin. -->","yoast_head_json":{"title":"Article_5_Gesti\u00f3n de las emociones dentro de la empresa - inisalga.com","robots":{"index":"index","follow":"follow","max-snippet":"max-snippet:-1","max-image-preview":"max-image-preview:large","max-video-preview":"max-video-preview:-1"},"canonical":"https:\/\/www.inisalga.com\/en\/gestion-de-las-emociones-dentro-de-la-empresa\/","og_locale":"en_US","og_type":"article","og_title":"Article_5_Gesti\u00f3n de las emociones dentro de la empresa - inisalga.com","og_description":"HOME WHO WE SERVE\u00a0 WHO WE ARE WHAT WE OFFER TESTIMONIALSSTANDARDS PUBLICATIONS\u00a0CONTACTGesti\u00f3n de las emociones dentro de la empresa Las emociones est\u00e1n cada vez m\u00e1s presentes en el \u00e1mbito profesional y, aunque a muchos les incomoden, debemos aceptarlas y aprender a sacar lo mejor de ellas \u00bfEstamos preparados?. Manifestar emociones en el trabajo muchas veces [&hellip;]","og_url":"https:\/\/www.inisalga.com\/en\/gestion-de-las-emociones-dentro-de-la-empresa\/","og_site_name":"inisalga.com","article_modified_time":"2019-08-21T14:26:48+00:00","twitter_card":"summary_large_image","twitter_misc":{"Est. reading time":"8 minutes"},"schema":{"@context":"https:\/\/schema.org","@graph":[{"@type":"WebPage","@id":"https:\/\/www.inisalga.com\/en\/gestion-de-las-emociones-dentro-de-la-empresa\/","url":"https:\/\/www.inisalga.com\/en\/gestion-de-las-emociones-dentro-de-la-empresa\/","name":"Article_5_Gesti\u00f3n de las emociones dentro de la empresa - inisalga.com","isPartOf":{"@id":"https:\/\/www.inisalga.com\/#website"},"datePublished":"2019-08-21T14:25:18+00:00","dateModified":"2019-08-21T14:26:48+00:00","breadcrumb":{"@id":"https:\/\/www.inisalga.com\/en\/gestion-de-las-emociones-dentro-de-la-empresa\/#breadcrumb"},"inLanguage":"en-US","potentialAction":[{"@type":"ReadAction","target":["https:\/\/www.inisalga.com\/en\/gestion-de-las-emociones-dentro-de-la-empresa\/"]}]},{"@type":"BreadcrumbList","@id":"https:\/\/www.inisalga.com\/en\/gestion-de-las-emociones-dentro-de-la-empresa\/#breadcrumb","itemListElement":[{"@type":"ListItem","position":1,"name":"Accueil","item":"https:\/\/www.inisalga.com\/en\/"},{"@type":"ListItem","position":2,"name":"Article_5_Gesti\u00f3n de las emociones dentro de la empresa"}]},{"@type":"WebSite","@id":"https:\/\/www.inisalga.com\/#website","url":"https:\/\/www.inisalga.com\/","name":"inisalga.com","description":"Enlightening your talents, co-creating your future","potentialAction":[{"@type":"SearchAction","target":{"@type":"EntryPoint","urlTemplate":"https:\/\/www.inisalga.com\/?s={search_term_string}"},"query-input":{"@type":"PropertyValueSpecification","valueRequired":true,"valueName":"search_term_string"}}],"inLanguage":"en-US"}]}},"_links":{"self":[{"href":"https:\/\/www.inisalga.com\/en\/wp-json\/wp\/v2\/pages\/217639","targetHints":{"allow":["GET"]}}],"collection":[{"href":"https:\/\/www.inisalga.com\/en\/wp-json\/wp\/v2\/pages"}],"about":[{"href":"https:\/\/www.inisalga.com\/en\/wp-json\/wp\/v2\/types\/page"}],"author":[{"embeddable":true,"href":"https:\/\/www.inisalga.com\/en\/wp-json\/wp\/v2\/users\/3"}],"replies":[{"embeddable":true,"href":"https:\/\/www.inisalga.com\/en\/wp-json\/wp\/v2\/comments?post=217639"}],"version-history":[{"count":0,"href":"https:\/\/www.inisalga.com\/en\/wp-json\/wp\/v2\/pages\/217639\/revisions"}],"wp:attachment":[{"href":"https:\/\/www.inisalga.com\/en\/wp-json\/wp\/v2\/media?parent=217639"}],"curies":[{"name":"wp","href":"https:\/\/api.w.org\/{rel}","templated":true}]}}